{"id":3655,"date":"2023-08-15T19:59:43","date_gmt":"2023-08-15T19:59:43","guid":{"rendered":"https:\/\/igorribeiro.com.br\/?page_id=3655"},"modified":"2024-07-20T03:38:23","modified_gmt":"2024-07-20T03:38:23","slug":"tratamentos-antes-e-depois","status":"publish","type":"page","link":"https:\/\/igorribeiro.com.br\/it\/trattamenti-prima-e-dopo\/","title":{"rendered":"Tratamentos Antes e Depois"},"content":{"rendered":"<div data-elementor-type=\"wp-page\" data-elementor-id=\"3655\" class=\"elementor elementor-3655\" data-elementor-post-type=\"page\">\n\t\t\t\t\t\t\t\t\t<section class=\"elementor-section elementor-top-section elementor-element elementor-element-ab90bc3 elementor-section-boxed elementor-section-height-default elementor-section-height-default\" data-id=\"ab90bc3\" data-element_type=\"section\">\n\t\t\t\t\t\t<div class=\"elementor-container elementor-column-gap-default\">\n\t\t\t\t\t<div class=\"elementor-column elementor-col-100 elementor-top-column elementor-element elementor-element-cdb40eb\" data-id=\"cdb40eb\" data-element_type=\"column\">\n\t\t\t<div class=\"elementor-widget-wrap elementor-element-populated\">\n\t\t\t\t\t\t\t\t<section class=\"elementor-section elementor-inner-section elementor-element elementor-element-3e8100b elementor-section-boxed elementor-section-height-default elementor-section-height-default\" data-id=\"3e8100b\" data-element_type=\"section\">\n\t\t\t\t\t\t<div class=\"elementor-container elementor-column-gap-default\">\n\t\t\t\t\t<div class=\"elementor-column elementor-col-100 elementor-inner-column elementor-element elementor-element-218beda\" data-id=\"218beda\" data-element_type=\"column\">\n\t\t\t<div class=\"elementor-widget-wrap elementor-element-populated\">\n\t\t\t\t\t\t\t\t<div class=\"elementor-element elementor-element-44020a3 elementor-widget elementor-widget-heading\" data-id=\"44020a3\" data-element_type=\"widget\" data-widget_type=\"heading.default\">\n\t\t\t\t<div class=\"elementor-widget-container\">\n\t\t\t<h2 class=\"elementor-heading-title elementor-size-default\">Armonizzazione facciale<\/h2>\t\t<\/div>\n\t\t\t\t<\/div>\n\t\t\t\t<div class=\"elementor-element elementor-element-855be0d elementor-arrows-position-inside elementor-pagination-position-outside elementor-widget elementor-widget-image-carousel\" data-id=\"855be0d\" data-element_type=\"widget\" data-settings=\"{&quot;navigation&quot;:&quot;both&quot;,&quot;autoplay&quot;:&quot;yes&quot;,&quot;pause_on_hover&quot;:&quot;yes&quot;,&quot;pause_on_interaction&quot;:&quot;yes&quot;,&quot;autoplay_speed&quot;:5000,&quot;infinite&quot;:&quot;yes&quot;,&quot;speed&quot;:500}\" data-widget_type=\"image-carousel.default\">\n\t\t\t\t<div class=\"elementor-widget-container\">\n\t\t\t\t\t<div class=\"elementor-image-carousel-wrapper swiper-container\" dir=\"ltr\">\n\t\t\t<div class=\"elementor-image-carousel swiper-wrapper\" aria-live=\"off\">\n\t\t\t\t\t\t\t\t<div class=\"swiper-slide\" role=\"group\" aria-roledescription=\"slide\" aria-label=\"1 di 7\"><figure class=\"swiper-slide-inner\"><img decoding=\"async\" class=\"swiper-slide-image\" src=\"https:\/\/i0.wp.com\/igorribeiro.com.br\/wp-content\/uploads\/2022\/05\/IMG_0578.jpg?fit=768%2C863&amp;ssl=1\" alt=\"Filler per la mascella a Fortaleza\" title=\"\"><\/figure><\/div><div class=\"swiper-slide\" role=\"group\" aria-roledescription=\"slide\" aria-label=\"2 di 7\"><figure class=\"swiper-slide-inner\"><img decoding=\"async\" class=\"swiper-slide-image\" src=\"https:\/\/i0.wp.com\/igorribeiro.com.br\/wp-content\/uploads\/2022\/05\/IMG_0216.jpg?fit=768%2C760&amp;ssl=1\" alt=\"Antes e depois de Harmioniza\u00e7\u00e3o facial \u2014 corre\u00e7\u00e3o de Rugas e marcas de expressao com uso de preenchimento full face pelo Dr. Igor Ribeiro, Fortaleza-CE\" title=\"\"><\/figure><\/div><div class=\"swiper-slide\" role=\"group\" aria-roledescription=\"slide\" aria-label=\"3 di 7\"><figure class=\"swiper-slide-inner\"><img decoding=\"async\" class=\"swiper-slide-image\" src=\"https:\/\/i0.wp.com\/igorribeiro.com.br\/wp-content\/uploads\/2022\/05\/IMG_0573.jpg?fit=768%2C864&amp;ssl=1\" alt=\"IMG_0573\" title=\"\"><\/figure><\/div><div class=\"swiper-slide\" role=\"group\" aria-roledescription=\"slide\" aria-label=\"4 di 7\"><figure class=\"swiper-slide-inner\"><img decoding=\"async\" class=\"swiper-slide-image\" src=\"https:\/\/i0.wp.com\/igorribeiro.com.br\/wp-content\/uploads\/2022\/05\/IMG_0217.jpg?fit=768%2C903&amp;ssl=1\" alt=\"IMG_0217\" title=\"\"><\/figure><\/div><div class=\"swiper-slide\" role=\"group\" aria-roledescription=\"slide\" aria-label=\"5 di 7\"><figure class=\"swiper-slide-inner\"><img decoding=\"async\" class=\"swiper-slide-image\" src=\"https:\/\/i0.wp.com\/igorribeiro.com.br\/wp-content\/uploads\/2022\/05\/IMG_0579.jpg?fit=768%2C864&amp;ssl=1\" alt=\"IMG_0579\" title=\"\"><\/figure><\/div><div class=\"swiper-slide\" role=\"group\" aria-roledescription=\"slide\" aria-label=\"6 di 7\"><figure class=\"swiper-slide-inner\"><img decoding=\"async\" class=\"swiper-slide-image\" src=\"https:\/\/i0.wp.com\/igorribeiro.com.br\/wp-content\/uploads\/2022\/05\/IMG_0215.jpg?fit=768%2C861&amp;ssl=1\" alt=\"IMG_0215\" title=\"\"><\/figure><\/div><div class=\"swiper-slide\" role=\"group\" aria-roledescription=\"slide\" aria-label=\"7 di 7\"><figure class=\"swiper-slide-inner\"><img decoding=\"async\" class=\"swiper-slide-image\" src=\"https:\/\/i0.wp.com\/igorribeiro.com.br\/wp-content\/uploads\/2022\/05\/IMG_1137.jpg?fit=768%2C862&amp;ssl=1\" alt=\"IMG_1137\" title=\"\"><\/figure><\/div>\t\t\t<\/div>\n\t\t\t\t\t\t\t\t\t\t\t\t<div class=\"elementor-swiper-button elementor-swiper-button-prev\" role=\"button\" tabindex=\"0\">\n\t\t\t\t\t\t<svg aria-hidden=\"true\" class=\"e-font-icon-svg e-eicon-chevron-left\" viewbox=\"0 0 1000 1000\" xmlns=\"http:\/\/www.w3.org\/2000\/svg\"><path d=\"M646 125C629 125 613 133 604 142L308 442C296 454 292 471 292 487 292 504 296 521 308 533L604 854C617 867 629 875 646 875 663 875 679 871 692 858 704 846 713 829 713 812 713 796 708 779 692 767L438 487 692 225C700 217 708 204 708 187 708 171 704 154 692 142 675 129 663 125 646 125Z\"><\/path><\/svg>\t\t\t\t\t<\/div>\n\t\t\t\t\t<div class=\"elementor-swiper-button elementor-swiper-button-next\" role=\"button\" tabindex=\"0\">\n\t\t\t\t\t\t<svg aria-hidden=\"true\" class=\"e-font-icon-svg e-eicon-chevron-right\" viewbox=\"0 0 1000 1000\" xmlns=\"http:\/\/www.w3.org\/2000\/svg\"><path d=\"M696 533C708 521 713 504 713 487 713 471 708 454 696 446L400 146C388 133 375 125 354 125 338 125 325 129 313 142 300 154 292 171 292 187 292 204 296 221 308 233L563 492 304 771C292 783 288 800 288 817 288 833 296 850 308 863 321 871 338 875 354 875 371 875 388 867 400 854L696 533Z\"><\/path><\/svg>\t\t\t\t\t<\/div>\n\t\t\t\t\n\t\t\t\t\t\t\t\t\t<div class=\"swiper-pagination\"><\/div>\n\t\t\t\t\t\t\t\t\t<\/div>\n\t\t\t\t<\/div>\n\t\t\t\t<\/div>\n\t\t\t\t<div class=\"elementor-element elementor-element-0208f9b elementor-arrows-position-inside elementor-pagination-position-outside elementor-widget elementor-widget-image-carousel\" data-id=\"0208f9b\" data-element_type=\"widget\" data-settings=\"{&quot;navigation&quot;:&quot;both&quot;,&quot;autoplay&quot;:&quot;yes&quot;,&quot;pause_on_hover&quot;:&quot;yes&quot;,&quot;pause_on_interaction&quot;:&quot;yes&quot;,&quot;autoplay_speed&quot;:5000,&quot;infinite&quot;:&quot;yes&quot;,&quot;speed&quot;:500}\" data-widget_type=\"image-carousel.default\">\n\t\t\t\t<div class=\"elementor-widget-container\">\n\t\t\t\t\t<div class=\"elementor-image-carousel-wrapper swiper-container\" dir=\"ltr\">\n\t\t\t<div class=\"elementor-image-carousel swiper-wrapper\" aria-live=\"off\">\n\t\t\t\t\t\t\t\t<div class=\"swiper-slide\" role=\"group\" aria-roledescription=\"slide\" aria-label=\"1 di 28\"><figure class=\"swiper-slide-inner\"><img decoding=\"async\" class=\"swiper-slide-image\" src=\"https:\/\/i0.wp.com\/igorribeiro.com.br\/wp-content\/uploads\/2024\/07\/Clinica-estetica-toxina-botulinica-em-fortaleza-ce-harmonizacao-facial-em-fortaleza-botox.jpeg?fit=768%2C1089&amp;ssl=1\" alt=\"Botox em fortaleza toxina botulinica para previnir rugas na testa clinica estetica em fortaleza\" title=\"\"><\/figure><\/div><div class=\"swiper-slide\" role=\"group\" aria-roledescription=\"slide\" aria-label=\"2 di 28\"><figure class=\"swiper-slide-inner\"><img decoding=\"async\" class=\"swiper-slide-image\" src=\"https:\/\/i0.wp.com\/igorribeiro.com.br\/wp-content\/uploads\/2024\/07\/Md-codes-full-face-em-fortaleza-preenchimento-com-acido-hialuronico-em-fortaleza-harmonizacao-facial.jpeg?fit=768%2C854&amp;ssl=1\" alt=\"Filler per labbra a Fortaleza, Botox, lenti a contatto dentali\" title=\"\"><\/figure><\/div><div class=\"swiper-slide\" role=\"group\" aria-roledescription=\"slide\" aria-label=\"3 di 28\"><figure class=\"swiper-slide-inner\"><img decoding=\"async\" class=\"swiper-slide-image\" src=\"https:\/\/i0.wp.com\/igorribeiro.com.br\/wp-content\/uploads\/2024\/07\/preenchimento-da-mandibula-em-fortaleza-regiao-maxilar-contorno-e-volume-sem-cirurgia-harmonizacao-facial-fortaleza-igor-ribeiro-2.jpeg?fit=768%2C864&amp;ssl=1\" alt=\"preenchimento de mandibula em fortaleza\" title=\"\"><\/figure><\/div><div class=\"swiper-slide\" role=\"group\" aria-roledescription=\"slide\" aria-label=\"4 di 28\"><figure class=\"swiper-slide-inner\"><img decoding=\"async\" class=\"swiper-slide-image\" src=\"https:\/\/i0.wp.com\/igorribeiro.com.br\/wp-content\/uploads\/2024\/07\/Clinica-estetica-toxina-botulinica-em-fortaleza-ce-harmonizacao-facial-em-fortaleza-mandibula-quadrada.jpeg?fit=768%2C854&amp;ssl=1\" alt=\"Filler completo del viso con botox e sculptra della mascella\" title=\"\"><\/figure><\/div><div class=\"swiper-slide\" role=\"group\" aria-roledescription=\"slide\" aria-label=\"5 di 28\"><figure class=\"swiper-slide-inner\"><img decoding=\"async\" class=\"swiper-slide-image\" src=\"https:\/\/i0.wp.com\/igorribeiro.com.br\/wp-content\/uploads\/2024\/07\/Clinica-estetica-toxina-botulinica-em-fortaleza-ce-harmonizacao-facial-em-fortaleza3.jpeg?fit=768%2C858&amp;ssl=1\" alt=\"Botox sulla fronte, Igor Ribeiro, dentista, armonizzazione del viso.\" title=\"\"><\/figure><\/div><div class=\"swiper-slide\" role=\"group\" aria-roledescription=\"slide\" aria-label=\"6 di 28\"><figure class=\"swiper-slide-inner\"><img decoding=\"async\" class=\"swiper-slide-image\" src=\"https:\/\/i0.wp.com\/igorribeiro.com.br\/wp-content\/uploads\/2024\/07\/Clinica-estetica-toxina-botulinica-em-fortaleza-ce-harmonizacao-facial-em-fortaleza-4.jpeg?fit=768%2C857&amp;ssl=1\" alt=\"botox em fortaleza toxina botulinica na testa harmoniza\u00e7\u00e3o facial fortaleza\" title=\"\"><\/figure><\/div><div class=\"swiper-slide\" role=\"group\" aria-roledescription=\"slide\" aria-label=\"7 di 28\"><figure class=\"swiper-slide-inner\"><img decoding=\"async\" class=\"swiper-slide-image\" src=\"https:\/\/i0.wp.com\/igorribeiro.com.br\/wp-content\/uploads\/2024\/07\/Clinica-estetica-toxina-botulinica-em-fortaleza-ce-harmonizacao-facial-em-fortaleza-5.jpeg?fit=768%2C860&amp;ssl=1\" alt=\"botox para rugas de bravo em fortaleza harmoniza\u00e7\u00e3o facial\" title=\"\"><\/figure><\/div><div class=\"swiper-slide\" role=\"group\" aria-roledescription=\"slide\" aria-label=\"8 di 28\"><figure class=\"swiper-slide-inner\"><img decoding=\"async\" class=\"swiper-slide-image\" src=\"https:\/\/i0.wp.com\/igorribeiro.com.br\/wp-content\/uploads\/2024\/07\/Clinica-estetica-toxina-botulinica-em-fortaleza-ce-harmonizacao-facial-em-fortaleza-6.jpeg?fit=768%2C853&amp;ssl=1\" alt=\"botox para rugas de bravo em fortaleza harmoniza\u00e7\u00e3o facial\" title=\"\"><\/figure><\/div><div class=\"swiper-slide\" role=\"group\" aria-roledescription=\"slide\" aria-label=\"9 di 28\"><figure class=\"swiper-slide-inner\"><img decoding=\"async\" class=\"swiper-slide-image\" src=\"https:\/\/i0.wp.com\/igorribeiro.com.br\/wp-content\/uploads\/2024\/07\/Clinica-estetica-toxina-botulinica-em-fortaleza-ce-harmonizacao-facial-em-fortaleza-preenchimento-mandibular.jpeg?fit=768%2C1151&amp;ssl=1\" alt=\"Preenchimento mandibular em Fortaleza\" title=\"\"><\/figure><\/div><div class=\"swiper-slide\" role=\"group\" aria-roledescription=\"slide\" aria-label=\"10 di 28\"><figure class=\"swiper-slide-inner\"><img decoding=\"async\" class=\"swiper-slide-image\" src=\"https:\/\/i0.wp.com\/igorribeiro.com.br\/wp-content\/uploads\/2024\/07\/Clinica-estetica-toxina-botulinica-em-fortaleza-ce-harmonizacao-facial-em-fortaleza-toxina-botulinica-em-fortaleza.jpeg?fit=768%2C1016&amp;ssl=1\" alt=\"Botox em Fortaleza toxina botulinica para rugas na testa harmoniza\u00e7\u00e3o facial em fortaleza clinica estetica\" title=\"\"><\/figure><\/div><div class=\"swiper-slide\" role=\"group\" aria-roledescription=\"slide\" aria-label=\"11 di 28\"><figure class=\"swiper-slide-inner\"><img decoding=\"async\" class=\"swiper-slide-image\" src=\"https:\/\/i0.wp.com\/igorribeiro.com.br\/wp-content\/uploads\/2024\/07\/Clinica-estetica-toxina-botulinica-em-fortaleza-ce-harmonizacao-facial-em-fortaleza.jpeg?fit=768%2C858&amp;ssl=1\" alt=\"Clinica estetica toxina botulinica em fortaleza ce harmonizacao facial em fortaleza\" title=\"\"><\/figure><\/div><div class=\"swiper-slide\" role=\"group\" aria-roledescription=\"slide\" aria-label=\"12 di 28\"><figure class=\"swiper-slide-inner\"><img decoding=\"async\" class=\"swiper-slide-image\" src=\"https:\/\/i0.wp.com\/igorribeiro.com.br\/wp-content\/uploads\/2024\/07\/Clinica-estetica-toxina-botulinica-em-fortaleza-ce-harmonizacao-facial-em-fortaleza2.jpeg?fit=768%2C858&amp;ssl=1\" alt=\"Clinica estetica toxina botulinica em fortaleza ce harmonizacao facial em fortaleza2\" title=\"\"><\/figure><\/div><div class=\"swiper-slide\" role=\"group\" aria-roledescription=\"slide\" aria-label=\"13 di 28\"><figure class=\"swiper-slide-inner\"><img decoding=\"async\" class=\"swiper-slide-image\" src=\"https:\/\/i0.wp.com\/igorribeiro.com.br\/wp-content\/uploads\/2024\/07\/contorno-e-volume-labial-em-fortaleza-harmonizacao-facial-dr-igor-ribeiro-onde-achar-em-fortaleza.jpeg?fit=768%2C860&amp;ssl=1\" alt=\"preenchimento labial em fortaleza\" title=\"\"><\/figure><\/div><div class=\"swiper-slide\" role=\"group\" aria-roledescription=\"slide\" aria-label=\"14 di 28\"><figure class=\"swiper-slide-inner\"><img decoding=\"async\" class=\"swiper-slide-image\" src=\"https:\/\/i0.wp.com\/igorribeiro.com.br\/wp-content\/uploads\/2024\/07\/Preenchimento-boca-em-clinica-estetica-fortaleza-labial-dr-igor-ribeiro-harmonizacao-facial.jpeg?fit=768%2C1047&amp;ssl=1\" alt=\"preenchimento labial em fortaleza\" title=\"\"><\/figure><\/div><div class=\"swiper-slide\" role=\"group\" aria-roledescription=\"slide\" aria-label=\"15 di 28\"><figure class=\"swiper-slide-inner\"><img decoding=\"async\" class=\"swiper-slide-image\" src=\"https:\/\/i0.wp.com\/igorribeiro.com.br\/wp-content\/uploads\/2024\/07\/preenchimento-da-mandibula-em-fortaleza-regiao-maxilar-contorno-e-volume-sem-cirurgia-harmonizacao-facial-fortaleza-igor-ribeiro.jpeg?fit=768%2C858&amp;ssl=1\" alt=\"preenchimento da mandibula em fortaleza regiao maxilar contorno e volume sem cirurgia harmonizacao facial fortaleza igor ribeiro\" title=\"\"><\/figure><\/div><div class=\"swiper-slide\" role=\"group\" aria-roledescription=\"slide\" aria-label=\"16 di 28\"><figure class=\"swiper-slide-inner\"><img decoding=\"async\" class=\"swiper-slide-image\" src=\"https:\/\/i0.wp.com\/igorribeiro.com.br\/wp-content\/uploads\/2024\/07\/preenchimento-de-bigode-chines-acido-hialuronico-clinica-estetica-fortaleza-harmonizacao-facial-igor-ribeiro.jpeg?fit=768%2C861&amp;ssl=1\" alt=\"preenchimento de bigode chines em fortaleza\" title=\"\"><\/figure><\/div><div class=\"swiper-slide\" role=\"group\" aria-roledescription=\"slide\" aria-label=\"17 di 28\"><figure class=\"swiper-slide-inner\"><img decoding=\"async\" class=\"swiper-slide-image\" src=\"https:\/\/i0.wp.com\/igorribeiro.com.br\/wp-content\/uploads\/2024\/07\/Preenchimento-de-boca-harmonizacao-facial-clinica-estetica-em-fortaleza-Dr-Igor-RIbeiro-%40igorribeiror.jpeg?fit=768%2C868&amp;ssl=1\" alt=\"Preenchimento de boca harmonizac\u0327a\u0303o facial clinica este\u0301tica em fortaleza Dr Igor RIbeiro @igorribeiror\" title=\"\"><\/figure><\/div><div class=\"swiper-slide\" role=\"group\" aria-roledescription=\"slide\" aria-label=\"18 di 28\"><figure class=\"swiper-slide-inner\"><img decoding=\"async\" class=\"swiper-slide-image\" src=\"https:\/\/i0.wp.com\/igorribeiro.com.br\/wp-content\/uploads\/2024\/07\/preenchimento-de-mandibula-contorno-e-volume-maxilar-dr-igor-ribeiro-clinica-estetica-harmonizacao-facial.jpeg?fit=768%2C861&amp;ssl=1\" alt=\"Otturazione mandibolare a Fortaleza, mandibola quadrata, clinica di armonizzazione facciale a Fortaleza.\" title=\"\"><\/figure><\/div><div class=\"swiper-slide\" role=\"group\" aria-roledescription=\"slide\" aria-label=\"19 di 28\"><figure class=\"swiper-slide-inner\"><img decoding=\"async\" class=\"swiper-slide-image\" src=\"https:\/\/i0.wp.com\/igorribeiro.com.br\/wp-content\/uploads\/2024\/07\/preenchimento-de-mandibula-em-fortaleza-harmonizacao-facial-clinica-estetica.jpeg?fit=768%2C859&amp;ssl=1\" alt=\"Filler mandibolare a Fortaleza, armonizzazione del viso, clinica estetica.\" title=\"\"><\/figure><\/div><div class=\"swiper-slide\" role=\"group\" aria-roledescription=\"slide\" aria-label=\"20 di 28\"><figure class=\"swiper-slide-inner\"><img decoding=\"async\" class=\"swiper-slide-image\" src=\"https:\/\/i0.wp.com\/igorribeiro.com.br\/wp-content\/uploads\/2024\/07\/Preenchimento-labial-boca-labios-contorno-e-volume-labial-harmonizacao-dr-igor-ribeiro.jpeg?fit=768%2C860&amp;ssl=1\" alt=\"Preenchimento labial boca labios contorno e volume labial harmonizac\u0327a\u0303o dr igor ribeiro\" title=\"\"><\/figure><\/div><div class=\"swiper-slide\" role=\"group\" aria-roledescription=\"slide\" aria-label=\"21 di 28\"><figure class=\"swiper-slide-inner\"><img decoding=\"async\" class=\"swiper-slide-image\" src=\"https:\/\/i0.wp.com\/igorribeiro.com.br\/wp-content\/uploads\/2024\/07\/Preenchimento-labial-em-fortaleza-ceara-harmonizacao-da-face-em-fortaleza-clinica-de-estetica-ceara-igor-ribeiro.jpeg?fit=768%2C857&amp;ssl=1\" alt=\"Preenchimento labial em fortaleza ceara harmonizac\u0327a\u0303o da face em fortaleza clinica de estetica ceara igor ribeiro\" title=\"\"><\/figure><\/div><div class=\"swiper-slide\" role=\"group\" aria-roledescription=\"slide\" aria-label=\"22 di 28\"><figure class=\"swiper-slide-inner\"><img decoding=\"async\" class=\"swiper-slide-image\" src=\"https:\/\/i0.wp.com\/igorribeiro.com.br\/wp-content\/uploads\/2024\/07\/Preenchimento-Labial-em-Fortaleza-Harmonizacao-Facial-clinica-de-estetica-em-fortaleza-dr-igor-ribeiro.jpeg?fit=768%2C861&amp;ssl=1\" alt=\"Preenchimento Labial em Fortaleza Harmonizac\u0327a\u0303o Facial clinica de estetica em fortaleza dr igor ribeiro\" title=\"\"><\/figure><\/div><div class=\"swiper-slide\" role=\"group\" aria-roledescription=\"slide\" aria-label=\"23 di 28\"><figure class=\"swiper-slide-inner\"><img decoding=\"async\" class=\"swiper-slide-image\" src=\"https:\/\/i0.wp.com\/igorribeiro.com.br\/wp-content\/uploads\/2024\/07\/Preenchimento-mandibular-em-fortaleza-contorno-e-volume-da-mandibula-maxilar-rosto-mais-quadrado-harmonizacao-facial-igor-ribeiro-clinica-estetica-2.jpeg?fit=768%2C860&amp;ssl=1\" alt=\"Preenchimento mandibular em fortaleza contorno e volume da mandibula maxilar rosto mais quadrado harmonizacao facial igor ribeiro clinica estetica-2\" title=\"\"><\/figure><\/div><div class=\"swiper-slide\" role=\"group\" aria-roledescription=\"slide\" aria-label=\"24 di 28\"><figure class=\"swiper-slide-inner\"><img decoding=\"async\" class=\"swiper-slide-image\" src=\"https:\/\/i0.wp.com\/igorribeiro.com.br\/wp-content\/uploads\/2024\/07\/Preenchimento-mandibular-em-fortaleza-contorno-e-volume-da-mandibula-maxilar-rosto-mais-quadrado-harmonizacao-facial-igor-ribeiro-clinica-estetica.jpeg?fit=768%2C863&amp;ssl=1\" alt=\"Preenchimento mandibular em fortaleza contorno e volume da mandibula maxilar rosto mais quadrado harmonizacao facial igor ribeiro clinica estetica\" title=\"\"><\/figure><\/div><div class=\"swiper-slide\" role=\"group\" aria-roledescription=\"slide\" aria-label=\"25 di 28\"><figure class=\"swiper-slide-inner\"><img decoding=\"async\" class=\"swiper-slide-image\" src=\"https:\/\/i0.wp.com\/igorribeiro.com.br\/wp-content\/uploads\/2024\/07\/rosto-quadrado-harmonizacao-preenchimento-mandibular-em-fortaleza-contorno-da-mandibula.jpeg?fit=768%2C859&amp;ssl=1\" alt=\"Filler mandibolare a Fortaleza, clinica estetica, mandibola.\" title=\"\"><\/figure><\/div><div class=\"swiper-slide\" role=\"group\" aria-roledescription=\"slide\" aria-label=\"26 di 28\"><figure class=\"swiper-slide-inner\"><img decoding=\"async\" class=\"swiper-slide-image\" src=\"https:\/\/i0.wp.com\/igorribeiro.com.br\/wp-content\/uploads\/2024\/07\/rosto-quadrado-harmonizacao-preenchimento-mandibular-em-fortaleza-contorno-da-mandibula2.jpeg?fit=768%2C855&amp;ssl=1\" alt=\"rosto quadrado harmonizacao preenchimento mandibular em fortaleza contorno da mandibula2\" title=\"\"><\/figure><\/div><div class=\"swiper-slide\" role=\"group\" aria-roledescription=\"slide\" aria-label=\"27 di 28\"><figure class=\"swiper-slide-inner\"><img decoding=\"async\" class=\"swiper-slide-image\" src=\"https:\/\/i0.wp.com\/igorribeiro.com.br\/wp-content\/uploads\/2024\/07\/rosto-quadrado-harmonizacao-preenchimento-mandibular-em-fortaleza-contorno-da-mandibula3.jpeg?fit=768%2C854&amp;ssl=1\" alt=\"Filler per la mandibola a Fortaleza, rimodellamento della mandibola, mandibola pi\u00f9 definita, viso quadrato a Fortaleza.\" title=\"\"><\/figure><\/div><div class=\"swiper-slide\" role=\"group\" aria-roledescription=\"slide\" aria-label=\"28 di 28\"><figure class=\"swiper-slide-inner\"><img decoding=\"async\" class=\"swiper-slide-image\" src=\"https:\/\/i0.wp.com\/igorribeiro.com.br\/wp-content\/uploads\/2024\/07\/rosto-quadrado-harmonizacao-preenchimento-mandibular-em-fortaleza-contorno-da-mandibula4.jpeg?fit=768%2C854&amp;ssl=1\" alt=\"Preenchimento de mandibula contorno e volume mandibular\" title=\"\"><\/figure><\/div>\t\t\t<\/div>\n\t\t\t\t\t\t\t\t\t\t\t\t<div class=\"elementor-swiper-button elementor-swiper-button-prev\" role=\"button\" tabindex=\"0\">\n\t\t\t\t\t\t<svg aria-hidden=\"true\" class=\"e-font-icon-svg e-eicon-chevron-left\" viewbox=\"0 0 1000 1000\" xmlns=\"http:\/\/www.w3.org\/2000\/svg\"><path d=\"M646 125C629 125 613 133 604 142L308 442C296 454 292 471 292 487 292 504 296 521 308 533L604 854C617 867 629 875 646 875 663 875 679 871 692 858 704 846 713 829 713 812 713 796 708 779 692 767L438 487 692 225C700 217 708 204 708 187 708 171 704 154 692 142 675 129 663 125 646 125Z\"><\/path><\/svg>\t\t\t\t\t<\/div>\n\t\t\t\t\t<div class=\"elementor-swiper-button elementor-swiper-button-next\" role=\"button\" tabindex=\"0\">\n\t\t\t\t\t\t<svg aria-hidden=\"true\" class=\"e-font-icon-svg e-eicon-chevron-right\" viewbox=\"0 0 1000 1000\" xmlns=\"http:\/\/www.w3.org\/2000\/svg\"><path d=\"M696 533C708 521 713 504 713 487 713 471 708 454 696 446L400 146C388 133 375 125 354 125 338 125 325 129 313 142 300 154 292 171 292 187 292 204 296 221 308 233L563 492 304 771C292 783 288 800 288 817 288 833 296 850 308 863 321 871 338 875 354 875 371 875 388 867 400 854L696 533Z\"><\/path><\/svg>\t\t\t\t\t<\/div>\n\t\t\t\t\n\t\t\t\t\t\t\t\t\t<div class=\"swiper-pagination\"><\/div>\n\t\t\t\t\t\t\t\t\t<\/div>\n\t\t\t\t<\/div>\n\t\t\t\t<\/div>\n\t\t\t\t\t<\/div>\n\t\t<\/div>\n\t\t\t\t\t\t\t<\/div>\n\t\t<\/section>\n\t\t\t\t\t<\/div>\n\t\t<\/div>\n\t\t\t\t\t\t\t<\/div>\n\t\t<\/section>\n\t\t\t\t<section class=\"elementor-section elementor-top-section elementor-element elementor-element-e9e6779 elementor-section-boxed elementor-section-height-default elementor-section-height-default\" data-id=\"e9e6779\" data-element_type=\"section\">\n\t\t\t\t\t\t<div class=\"elementor-container elementor-column-gap-default\">\n\t\t\t\t\t<div class=\"elementor-column elementor-col-100 elementor-top-column elementor-element elementor-element-d5cfd95\" data-id=\"d5cfd95\" data-element_type=\"column\">\n\t\t\t<div class=\"elementor-widget-wrap elementor-element-populated\">\n\t\t\t\t\t\t\t\t<section class=\"elementor-section elementor-inner-section elementor-element elementor-element-e46b30f elementor-section-boxed elementor-section-height-default elementor-section-height-default\" data-id=\"e46b30f\" data-element_type=\"section\">\n\t\t\t\t\t\t<div class=\"elementor-container elementor-column-gap-default\">\n\t\t\t\t\t<div class=\"elementor-column elementor-col-100 elementor-inner-column elementor-element elementor-element-7d29e0d\" data-id=\"7d29e0d\" data-element_type=\"column\">\n\t\t\t<div class=\"elementor-widget-wrap elementor-element-populated\">\n\t\t\t\t\t\t\t\t<div class=\"elementor-element elementor-element-94e44d9 elementor-widget elementor-widget-heading\" data-id=\"94e44d9\" data-element_type=\"widget\" data-widget_type=\"heading.default\">\n\t\t\t\t<div class=\"elementor-widget-container\">\n\t\t\t<h2 class=\"elementor-heading-title elementor-size-default\">Estetica dentale <\/h2>\t\t<\/div>\n\t\t\t\t<\/div>\n\t\t\t\t<div class=\"elementor-element elementor-element-a2be627 elementor-arrows-position-inside elementor-pagination-position-outside elementor-widget elementor-widget-image-carousel\" data-id=\"a2be627\" data-element_type=\"widget\" data-settings=\"{&quot;navigation&quot;:&quot;both&quot;,&quot;autoplay&quot;:&quot;yes&quot;,&quot;pause_on_hover&quot;:&quot;yes&quot;,&quot;pause_on_interaction&quot;:&quot;yes&quot;,&quot;autoplay_speed&quot;:5000,&quot;infinite&quot;:&quot;yes&quot;,&quot;speed&quot;:500}\" data-widget_type=\"image-carousel.default\">\n\t\t\t\t<div class=\"elementor-widget-container\">\n\t\t\t\t\t<div class=\"elementor-image-carousel-wrapper swiper-container\" dir=\"ltr\">\n\t\t\t<div class=\"elementor-image-carousel swiper-wrapper\" aria-live=\"off\">\n\t\t\t\t\t\t\t\t<div class=\"swiper-slide\" role=\"group\" aria-roledescription=\"slide\" aria-label=\"1 di 8\"><figure class=\"swiper-slide-inner\"><img decoding=\"async\" class=\"swiper-slide-image\" src=\"https:\/\/i0.wp.com\/igorribeiro.com.br\/wp-content\/uploads\/2023\/02\/Lente-dental-em-fortaleza-Dr.-Igor-Ribeiro.jpeg?fit=768%2C768&amp;ssl=1\" alt=\"Lenti a contatto dentali a Fortaleza\" title=\"\"><\/figure><\/div><div class=\"swiper-slide\" role=\"group\" aria-roledescription=\"slide\" aria-label=\"2 di 8\"><figure class=\"swiper-slide-inner\"><img decoding=\"async\" class=\"swiper-slide-image\" src=\"https:\/\/i0.wp.com\/igorribeiro.com.br\/wp-content\/uploads\/2022\/06\/WhatsApp-Image-2022-06-06-at-10.00.54-AM-1.jpeg?fit=768%2C759&amp;ssl=1\" alt=\"WhatsApp Image 2022-06-06 at 10.00.54 AM (1)\" title=\"\"><\/figure><\/div><div class=\"swiper-slide\" role=\"group\" aria-roledescription=\"slide\" aria-label=\"3 di 8\"><figure class=\"swiper-slide-inner\"><img decoding=\"async\" class=\"swiper-slide-image\" src=\"https:\/\/i0.wp.com\/igorribeiro.com.br\/wp-content\/uploads\/2023\/02\/4.jpg?fit=768%2C768&amp;ssl=1\" alt=\"4\" title=\"\"><\/figure><\/div><div class=\"swiper-slide\" role=\"group\" aria-roledescription=\"slide\" aria-label=\"4 di 8\"><figure class=\"swiper-slide-inner\"><img decoding=\"async\" class=\"swiper-slide-image\" src=\"https:\/\/i0.wp.com\/igorribeiro.com.br\/wp-content\/uploads\/2023\/02\/1-2.jpg?fit=768%2C768&amp;ssl=1\" alt=\"1\" title=\"\"><\/figure><\/div><div class=\"swiper-slide\" role=\"group\" aria-roledescription=\"slide\" aria-label=\"5 di 8\"><figure class=\"swiper-slide-inner\"><img decoding=\"async\" class=\"swiper-slide-image\" src=\"https:\/\/i0.wp.com\/igorribeiro.com.br\/wp-content\/uploads\/2021\/02\/5ab912ac-81fc-44f5-a0aa-2c0634a59e0a.jpg?fit=768%2C879&amp;ssl=1\" alt=\"Antes e depois de lentes dentais IPS e.max \u2014 corre\u00e7\u00e3o de Resinas antigas pelo Dr. Igor Ribeiro, Fortaleza-CE\" title=\"\"><\/figure><\/div><div class=\"swiper-slide\" role=\"group\" aria-roledescription=\"slide\" aria-label=\"6 di 8\"><figure class=\"swiper-slide-inner\"><img decoding=\"async\" class=\"swiper-slide-image\" src=\"https:\/\/i0.wp.com\/igorribeiro.com.br\/wp-content\/uploads\/2021\/02\/img_7118.jpg?fit=768%2C870&amp;ssl=1\" alt=\"Antes e depois de lentes dentais IPS e.max \u2014 corre\u00e7\u00e3o de Bruxismo pelo Dr. Igor Ribeiro, Fortaleza-CE\" title=\"\"><\/figure><\/div><div class=\"swiper-slide\" role=\"group\" aria-roledescription=\"slide\" aria-label=\"7 di 8\"><figure class=\"swiper-slide-inner\"><img decoding=\"async\" class=\"swiper-slide-image\" src=\"https:\/\/i0.wp.com\/igorribeiro.com.br\/wp-content\/uploads\/2021\/02\/img_7592.jpg?fit=768%2C862&amp;ssl=1\" alt=\"img_7592\" title=\"\"><\/figure><\/div><div class=\"swiper-slide\" role=\"group\" aria-roledescription=\"slide\" aria-label=\"8 di 8\"><figure class=\"swiper-slide-inner\"><img decoding=\"async\" class=\"swiper-slide-image\" src=\"https:\/\/i0.wp.com\/igorribeiro.com.br\/wp-content\/uploads\/2020\/08\/Antes-e-Depois-insta.012.jpeg?fit=768%2C768&amp;ssl=1\" alt=\"Antes e Depois Lente de contato dental em Fortaleza Dr. Igor Ribeiro | Igor Ribeiro\" title=\"\"><\/figure><\/div>\t\t\t<\/div>\n\t\t\t\t\t\t\t\t\t\t\t\t<div class=\"elementor-swiper-button elementor-swiper-button-prev\" role=\"button\" tabindex=\"0\">\n\t\t\t\t\t\t<svg aria-hidden=\"true\" class=\"e-font-icon-svg e-eicon-chevron-left\" viewbox=\"0 0 1000 1000\" xmlns=\"http:\/\/www.w3.org\/2000\/svg\"><path d=\"M646 125C629 125 613 133 604 142L308 442C296 454 292 471 292 487 292 504 296 521 308 533L604 854C617 867 629 875 646 875 663 875 679 871 692 858 704 846 713 829 713 812 713 796 708 779 692 767L438 487 692 225C700 217 708 204 708 187 708 171 704 154 692 142 675 129 663 125 646 125Z\"><\/path><\/svg>\t\t\t\t\t<\/div>\n\t\t\t\t\t<div class=\"elementor-swiper-button elementor-swiper-button-next\" role=\"button\" tabindex=\"0\">\n\t\t\t\t\t\t<svg aria-hidden=\"true\" class=\"e-font-icon-svg e-eicon-chevron-right\" viewbox=\"0 0 1000 1000\" xmlns=\"http:\/\/www.w3.org\/2000\/svg\"><path d=\"M696 533C708 521 713 504 713 487 713 471 708 454 696 446L400 146C388 133 375 125 354 125 338 125 325 129 313 142 300 154 292 171 292 187 292 204 296 221 308 233L563 492 304 771C292 783 288 800 288 817 288 833 296 850 308 863 321 871 338 875 354 875 371 875 388 867 400 854L696 533Z\"><\/path><\/svg>\t\t\t\t\t<\/div>\n\t\t\t\t\n\t\t\t\t\t\t\t\t\t<div class=\"swiper-pagination\"><\/div>\n\t\t\t\t\t\t\t\t\t<\/div>\n\t\t\t\t<\/div>\n\t\t\t\t<\/div>\n\t\t\t\t<div class=\"elementor-element elementor-element-196ecd8 elementor-arrows-position-inside elementor-pagination-position-outside elementor-widget elementor-widget-image-carousel\" data-id=\"196ecd8\" data-element_type=\"widget\" data-settings=\"{&quot;navigation&quot;:&quot;both&quot;,&quot;autoplay&quot;:&quot;yes&quot;,&quot;pause_on_hover&quot;:&quot;yes&quot;,&quot;pause_on_interaction&quot;:&quot;yes&quot;,&quot;autoplay_speed&quot;:5000,&quot;infinite&quot;:&quot;yes&quot;,&quot;speed&quot;:500}\" data-widget_type=\"image-carousel.default\">\n\t\t\t\t<div class=\"elementor-widget-container\">\n\t\t\t\t\t<div class=\"elementor-image-carousel-wrapper swiper-container\" dir=\"ltr\">\n\t\t\t<div class=\"elementor-image-carousel swiper-wrapper\" aria-live=\"off\">\n\t\t\t\t\t\t\t\t<div class=\"swiper-slide\" role=\"group\" aria-roledescription=\"slide\" aria-label=\"1 di 14\"><figure class=\"swiper-slide-inner\"><img decoding=\"async\" class=\"swiper-slide-image\" src=\"https:\/\/i0.wp.com\/igorribeiro.com.br\/wp-content\/uploads\/2024\/07\/lente-dental-faceta-fortaleza-drigorribeiro-igorribeiror-lende-dente-porcelana.jpg?fit=768%2C856&amp;ssl=1\" alt=\"Paciente dentes conoides lentes de contato dentista em fortaleza porcelana\" title=\"\"><\/figure><\/div><div class=\"swiper-slide\" role=\"group\" aria-roledescription=\"slide\" aria-label=\"2 di 14\"><figure class=\"swiper-slide-inner\"><img decoding=\"async\" class=\"swiper-slide-image\" src=\"https:\/\/i0.wp.com\/igorribeiro.com.br\/wp-content\/uploads\/2024\/07\/lente-de-contato-dental-faceta-fortaleza-dr-igor-ribeiro-dentista.jpg?fit=768%2C847&amp;ssl=1\" alt=\"Paciente de Portugal IBR Clinica Dentista Fortaleza Lente de contato dental\" title=\"\"><\/figure><\/div><div class=\"swiper-slide\" role=\"group\" aria-roledescription=\"slide\" aria-label=\"3 di 14\"><figure class=\"swiper-slide-inner\"><img decoding=\"async\" class=\"swiper-slide-image\" src=\"https:\/\/i0.wp.com\/igorribeiro.com.br\/wp-content\/uploads\/2024\/07\/lente-de-contato-dental-faceta-fortaleza-dr-igor-ribeiro-clareamento.jpg?fit=768%2C858&amp;ssl=1\" alt=\"Paciente mulher lente de contato dental sorriso perfeito com lentes\" title=\"\"><\/figure><\/div><div class=\"swiper-slide\" role=\"group\" aria-roledescription=\"slide\" aria-label=\"4 di 14\"><figure class=\"swiper-slide-inner\"><img decoding=\"async\" class=\"swiper-slide-image\" src=\"https:\/\/i0.wp.com\/igorribeiro.com.br\/wp-content\/uploads\/2024\/07\/lentes-de-contato-dental-faceta-fortaleza-dr-igor-ribeiro-clareamento.jpg?fit=768%2C1025&amp;ssl=1\" alt=\"Lente de contato dental na cidade de fortaleza dr igor ribeiro @igorribeiror\" title=\"\"><\/figure><\/div><div class=\"swiper-slide\" role=\"group\" aria-roledescription=\"slide\" aria-label=\"5 di 14\"><figure class=\"swiper-slide-inner\"><img decoding=\"async\" class=\"swiper-slide-image\" src=\"https:\/\/i0.wp.com\/igorribeiro.com.br\/wp-content\/uploads\/2024\/07\/lentes-de-contato-dental-facetaporcelana-fortaleza-dr-igor-ribeiro-clareamento.jpg?fit=768%2C848&amp;ssl=1\" alt=\"Gengivoplastia e Facetas em Porcelana Ceara Fortaleza\" title=\"\"><\/figure><\/div><div class=\"swiper-slide\" role=\"group\" aria-roledescription=\"slide\" aria-label=\"6 di 14\"><figure class=\"swiper-slide-inner\"><img decoding=\"async\" class=\"swiper-slide-image\" src=\"https:\/\/i0.wp.com\/igorribeiro.com.br\/wp-content\/uploads\/2024\/07\/lentes-dentais-faceta-fortaleza-drigorribeiro-igorribeiror-lende-dente-porcelana.jpg?fit=768%2C867&amp;ssl=1\" alt=\"Transforma\u00e7\u00e3o do sorriso com lentes de contato dental em fortaleza\" title=\"\"><\/figure><\/div><div class=\"swiper-slide\" role=\"group\" aria-roledescription=\"slide\" aria-label=\"7 di 14\"><figure class=\"swiper-slide-inner\"><img decoding=\"async\" class=\"swiper-slide-image\" src=\"https:\/\/i0.wp.com\/igorribeiro.com.br\/wp-content\/uploads\/2024\/07\/lente-de-contato-dental-faceta-fortaleza-igorribeiror-o-clareamento.jpg?fit=768%2C860&amp;ssl=1\" alt=\"Paciente Bruxismo dental melhora sorriso com lente de contato dental\" title=\"\"><\/figure><\/div><div class=\"swiper-slide\" role=\"group\" aria-roledescription=\"slide\" aria-label=\"8 di 14\"><figure class=\"swiper-slide-inner\"><img decoding=\"async\" class=\"swiper-slide-image\" src=\"https:\/\/i0.wp.com\/igorribeiro.com.br\/wp-content\/uploads\/2024\/07\/lentedentalfortaleza-faceta-fortaleza-igorribeiror-o-clareamento.jpg?fit=768%2C858&amp;ssl=1\" alt=\"Jogador Jo\u00e3o Paulo S\u00e3o Paulo lente de contato dental em fortaleza Dr. Igor Ribeiro\" title=\"\"><\/figure><\/div><div class=\"swiper-slide\" role=\"group\" aria-roledescription=\"slide\" aria-label=\"9 di 14\"><figure class=\"swiper-slide-inner\"><img decoding=\"async\" class=\"swiper-slide-image\" src=\"https:\/\/i0.wp.com\/igorribeiro.com.br\/wp-content\/uploads\/2024\/07\/lentedecontatodentalemfortaleza-faceta-fortaleza-igorribeiror-o-lentes.jpg?fit=768%2C852&amp;ssl=1\" alt=\"Youtuber Marina Benevides lente de contato dental em fortaleza\" title=\"\"><\/figure><\/div><div class=\"swiper-slide\" role=\"group\" aria-roledescription=\"slide\" aria-label=\"10 di 14\"><figure class=\"swiper-slide-inner\"><img decoding=\"async\" class=\"swiper-slide-image\" src=\"https:\/\/i0.wp.com\/igorribeiro.com.br\/wp-content\/uploads\/2024\/07\/lentedecontatodentalemfortaleza-faceta-fortaleza-igorribeiror-o-lentes-resina.jpg?fit=768%2C863&amp;ssl=1\" alt=\"Youtuber Marina Benevides lente de contato dental em fortaleza harmoniza\u00e7\u00e3o do sorriso\" title=\"\"><\/figure><\/div><div class=\"swiper-slide\" role=\"group\" aria-roledescription=\"slide\" aria-label=\"11 di 14\"><figure class=\"swiper-slide-inner\"><img decoding=\"async\" class=\"swiper-slide-image\" src=\"https:\/\/i0.wp.com\/igorribeiro.com.br\/wp-content\/uploads\/2024\/07\/lentedecontatodentalemfortaleza-facetaemresina-fortaleza-igorribeiror-o-lentes-resina.jpg?fit=768%2C861&amp;ssl=1\" alt=\"Sorrio digital lentes de contato dentais em fortaleza\" title=\"\"><\/figure><\/div><div class=\"swiper-slide\" role=\"group\" aria-roledescription=\"slide\" aria-label=\"12 di 14\"><figure class=\"swiper-slide-inner\"><img decoding=\"async\" class=\"swiper-slide-image\" src=\"https:\/\/i0.wp.com\/igorribeiro.com.br\/wp-content\/uploads\/2024\/07\/lentes-dentais-faceta-fortaleza-drigorribeiro-igorribeiror-lende-dente-porcelana-ceara.jpg?fit=768%2C855&amp;ssl=1\" alt=\"Lente Dental em Fortaleza aparelho ortod\u00f4ntico\" title=\"\"><\/figure><\/div><div class=\"swiper-slide\" role=\"group\" aria-roledescription=\"slide\" aria-label=\"13 di 14\"><figure class=\"swiper-slide-inner\"><img decoding=\"async\" class=\"swiper-slide-image\" src=\"https:\/\/i0.wp.com\/igorribeiro.com.br\/wp-content\/uploads\/2024\/07\/lentesdecontatodentais-faceta-fortaleza-drigorribeiro-igorribeiror-lende-dente-porcelana.jpg?fit=768%2C855&amp;ssl=1\" alt=\"Lente Dental em Fortaleza Sorriso Felipe Johnnatan Santos\" title=\"\"><\/figure><\/div><div class=\"swiper-slide\" role=\"group\" aria-roledescription=\"slide\" aria-label=\"14 di 14\"><figure class=\"swiper-slide-inner\"><img decoding=\"async\" class=\"swiper-slide-image\" src=\"https:\/\/i0.wp.com\/igorribeiro.com.br\/wp-content\/uploads\/2024\/07\/lentes-dentais-facetaceara-fortaleza-drigorribeiro-igorribeiror-lende-dente-porcelana.jpg?fit=768%2C861&amp;ssl=1\" alt=\"Faccette dentali, faccette in porcellana, Felipe Jr., giocatore del Fortaleza Santos, dentista Dr. Igor Ribeiro\" title=\"\"><\/figure><\/div>\t\t\t<\/div>\n\t\t\t\t\t\t\t\t\t\t\t\t<div class=\"elementor-swiper-button elementor-swiper-button-prev\" role=\"button\" tabindex=\"0\">\n\t\t\t\t\t\t<svg aria-hidden=\"true\" class=\"e-font-icon-svg e-eicon-chevron-left\" viewbox=\"0 0 1000 1000\" xmlns=\"http:\/\/www.w3.org\/2000\/svg\"><path d=\"M646 125C629 125 613 133 604 142L308 442C296 454 292 471 292 487 292 504 296 521 308 533L604 854C617 867 629 875 646 875 663 875 679 871 692 858 704 846 713 829 713 812 713 796 708 779 692 767L438 487 692 225C700 217 708 204 708 187 708 171 704 154 692 142 675 129 663 125 646 125Z\"><\/path><\/svg>\t\t\t\t\t<\/div>\n\t\t\t\t\t<div class=\"elementor-swiper-button elementor-swiper-button-next\" role=\"button\" tabindex=\"0\">\n\t\t\t\t\t\t<svg aria-hidden=\"true\" class=\"e-font-icon-svg e-eicon-chevron-right\" viewbox=\"0 0 1000 1000\" xmlns=\"http:\/\/www.w3.org\/2000\/svg\"><path d=\"M696 533C708 521 713 504 713 487 713 471 708 454 696 446L400 146C388 133 375 125 354 125 338 125 325 129 313 142 300 154 292 171 292 187 292 204 296 221 308 233L563 492 304 771C292 783 288 800 288 817 288 833 296 850 308 863 321 871 338 875 354 875 371 875 388 867 400 854L696 533Z\"><\/path><\/svg>\t\t\t\t\t<\/div>\n\t\t\t\t\n\t\t\t\t\t\t\t\t\t<div class=\"swiper-pagination\"><\/div>\n\t\t\t\t\t\t\t\t\t<\/div>\n\t\t\t\t<\/div>\n\t\t\t\t<\/div>\n\t\t\t\t\t<\/div>\n\t\t<\/div>\n\t\t\t\t\t\t\t<\/div>\n\t\t<\/section>\n\t\t\t\t\t<\/div>\n\t\t<\/div>\n\t\t\t\t\t\t\t<\/div>\n\t\t<\/section>\n\t\t\t\t\t\t\t<\/div>","protected":false},"excerpt":{"rendered":"<p>Harmoniza\u00e7\u00e3o Facial Est\u00e9tica Dental<\/p>","protected":false},"author":1,"featured_media":0,"parent":0,"menu_order":0,"comment_status":"closed","ping_status":"closed","template":"","meta":{"_lmt_disableupdate":"","_lmt_disable":"","footnotes":""},"class_list":["post-3655","page","type-page","status-publish","hentry","entry"],"jetpack_sharing_enabled":true,"_links":{"self":[{"href":"https:\/\/igorribeiro.com.br\/it\/wp-json\/wp\/v2\/pages\/3655","targetHints":{"allow":["GET"]}}],"collection":[{"href":"https:\/\/igorribeiro.com.br\/it\/wp-json\/wp\/v2\/pages"}],"about":[{"href":"https:\/\/igorribeiro.com.br\/it\/wp-json\/wp\/v2\/types\/page"}],"author":[{"embeddable":true,"href":"https:\/\/igorribeiro.com.br\/it\/wp-json\/wp\/v2\/users\/1"}],"replies":[{"embeddable":true,"href":"https:\/\/igorribeiro.com.br\/it\/wp-json\/wp\/v2\/comments?post=3655"}],"version-history":[{"count":11,"href":"https:\/\/igorribeiro.com.br\/it\/wp-json\/wp\/v2\/pages\/3655\/revisions"}],"predecessor-version":[{"id":7805,"href":"https:\/\/igorribeiro.com.br\/it\/wp-json\/wp\/v2\/pages\/3655\/revisions\/7805"}],"wp:attachment":[{"href":"https:\/\/igorribeiro.com.br\/it\/wp-json\/wp\/v2\/media?parent=3655"}],"curies":[{"name":"wp","href":"https:\/\/api.w.org\/{rel}","templated":true}]}}